{"id":272,"date":"2021-02-09T12:09:05","date_gmt":"2021-02-09T12:09:05","guid":{"rendered":"http:\/\/www.wgaeu.org\/?page_id=272"},"modified":"2021-02-09T16:18:48","modified_gmt":"2021-02-09T16:18:48","slug":"gdpr-2","status":"publish","type":"page","link":"https:\/\/www.wgaeu.org\/index.php\/gdpr-2\/","title":{"rendered":"GDPR"},"content":{"rendered":"<p><span style=\"color: #000000;\"><strong>Z\u00c1SADY OCHRANY OSOBN\u00cdCH \u00daDAJ\u016e (GDPR)<br \/>\n<\/strong><strong>Spole\u010dnost WGA z.s<\/strong>, <strong>se s\u00eddlem H\u0159bitovn\u00ed 355, 407 01 J\u00edlov\u00e9<\/strong>, <strong>I\u010cO: 04798562<\/strong>, zapsan\u00e1 v\u00a0Obchodn\u00edm rejst\u0159\u00edku veden\u00e9m u Krajsk\u00e9ho soudu v\u00a0\u00dast\u00ed nad Labem pod sp. zn. L 9892\u00a0 (d\u00e1le tak\u00e9 \u201eMy\u201c), jako spr\u00e1vce osobn\u00edch \u00fadaj\u016f, V\u00e1s jako u\u017eivatele webov\u00fdch str\u00e1nek <a style=\"color: #000000;\" href=\"http:\/\/www.wgaeu.org\">www.wgaeu.org<\/a> a odkaz\u016f z nich vypl\u00fdvaj\u00edc\u00edch, informuje o n\u00ed\u017ee popsan\u00e9m shroma\u017e\u010fov\u00e1n\u00ed osobn\u00edch \u00fadaj\u016f a z\u00e1sad\u00e1ch ochrany soukrom\u00ed. D\u00e1le v textu se dozv\u00edte zejm\u00e9na:<\/span><\/p>\n<p><span style=\"color: #000000;\"><em>1. Jak\u00e9 Va\u0161e osobn\u00ed \u00fadaje budeme zpracov\u00e1vat;<br \/>\n<\/em><\/span><span style=\"color: #000000;\"><em>2. Za jak\u00fdmi \u00fa\u010dely a jak\u00fdm zp\u016fsobem budeme Va\u0161e osobn\u00ed \u00fadaje zpracov\u00e1vat;<br \/>\n<\/em><\/span><span style=\"color: #000000;\"><em>3. Komu mohou b\u00fdt Va\u0161e osobn\u00ed \u00fadaje p\u0159ed\u00e1ny;<br \/>\n<\/em><\/span><span style=\"color: #000000;\"><em>4. Po jakou dobu budeme Va\u0161e osobn\u00ed \u00fadaje zpracov\u00e1vat<br \/>\n<\/em><\/span><span style=\"color: #000000;\"><em>5. Jak\u00e1 m\u00e1te ve vztahu k ochran\u011b Va\u0161ich osobn\u00edch \u00fadaj\u016f pr\u00e1va.<\/em><\/span><\/p>\n<p><span style=\"color: #000000;\">V p\u0159\u00edpad\u011b, \u017ee budete pot\u0159ebovat kteroukoliv \u010d\u00e1st textu vysv\u011btlit, poradit anebo projednat dal\u0161\u00ed zpracov\u00e1n\u00ed Va\u0161ich osobn\u00edch \u00fadaj\u016f, m\u016f\u017eete se na n\u00e1s kdykoliv obr\u00e1tit na e-mailov\u00e9 adrese <a style=\"color: #000000;\" href=\"mailto:info@wgaeu.org\">info@wgaeu.org<\/a>.<\/span><\/p>\n<p><span style=\"color: #000000;\"><strong>Zpracov\u00e1n\u00ed osobn\u00edch \u00fadaj\u016f d\u011bt\u00ed<br \/>\n<\/strong>Na\u0161e webov\u00e9 str\u00e1nky nejsou ur\u010deny pro d\u011bti mlad\u0161\u00ed 16 let. Osobn\u00ed \u00fadaje d\u011bt\u00ed mlad\u0161\u00edch 16 let nezpracov\u00e1v\u00e1me.<\/span><\/p>\n<p><span style=\"color: #000000;\"><strong>Rozsah zpracov\u00e1n\u00ed osobn\u00edch \u00fadaj\u016f<br \/>\n<\/strong>Kdy\u017e n\u00e1s kontaktujete prost\u0159ednictv\u00edm webov\u00fdch str\u00e1nek, m\u016f\u017eete b\u00fdt po\u017e\u00e1d\u00e1ni o vypln\u011bn\u00ed ur\u010dit\u00fdch \u00fadaj\u016f o sob\u011b nebo Va\u0161\u00ed spole\u010dnosti.<\/span><br \/>\n<span style=\"color: #000000;\">T\u011bmito \u00fadaji mohou b\u00fdt zejm\u00e9na:<\/span><\/p>\n<p><span style=\"color: #000000;\"><em>1. Va\u0161e jm\u00e9no a p\u0159\u00edjmen\u00ed,<br \/>\n<\/em><\/span><span style=\"color: #000000;\"><em>2. Obchodn\u00ed firma,<br \/>\n<\/em><\/span><span style=\"color: #000000;\"><em>3. Adresa nebo s\u00eddlo spole\u010dnosti,<br \/>\n<\/em><\/span><span style=\"color: #000000;\"><em>4. Identifika\u010dn\u00ed \u010d\u00edslo a da\u0148ov\u00e9 identifika\u010dn\u00ed \u010d\u00edslo,<br \/>\n<\/em><\/span><span style=\"color: #000000;\"><em>5. Telefonn\u00ed \u010d\u00edslo,<br \/>\n<\/em><\/span><span style=\"color: #000000;\"><em>6. E-mailov\u00e1 adresa.<\/em><\/span><\/p>\n<p><span style=\"color: #000000;\">Na na\u0161ich webov\u00fdch str\u00e1nk\u00e1ch V\u00e1s nesledujeme, tak\u017ee se k n\u00e1m dostanou jenom ty Va\u0161e osobn\u00ed \u00fadaje, kter\u00e9 n\u00e1m v\u00fdslovn\u011b sd\u011bl\u00edte. Sou\u010dasn\u011b V\u00e1s ale informujeme, \u017ee na na\u0161ich akc\u00edch je po\u0159izov\u00e1na foto a video dokumentace, a to za \u00fa\u010delem dokladov\u00e1n\u00ed, prezentace a propagace. D\u00e1le budeme po\u017eadovat je\u0161t\u011b dal\u0161\u00ed \u00fadaje nedot\u010den\u00e9 GDPR, kter\u00e9 jsou pot\u0159ebn\u00e9 k\u00a0zabezpe\u010den\u00ed na\u0161ich aktivit.<\/span><\/p>\n<p><span style=\"color: #000000;\"><strong>\u00a0<\/strong><strong>\u00da\u010del zpracov\u00e1n\u00ed<br \/>\n<\/strong>\u00dadaje, kter\u00e9 n\u00e1m poskytujete, pou\u017e\u00edv\u00e1me k tomu, abychom V\u00e1s kontaktovali zp\u011bt a poskytli V\u00e1m informace, o kter\u00e9 jste n\u00e1s po\u017e\u00e1dali, nebo pro \u00fa\u010dely pln\u011bn\u00ed na\u0161ich povinnost\u00ed, tj. shroma\u017e\u010fov\u00e1n\u00ed p\u0159ihl\u00e1\u0161ek na akce, vyd\u00e1v\u00e1n\u00ed ofici\u00e1ln\u00edch dokument\u016f pro akce obvykl\u00fdch, prezentace pro \u00fa\u010dely propagace a medializace. Ve\u0161ker\u00e9 osobn\u00ed \u00fadaje jsou zpracov\u00e1ny z\u00e1konn\u00fdm a transparentn\u00edm zp\u016fsobem a jsou vy\u017eadov\u00e1ny pouze p\u0159im\u011b\u0159en\u00e9, relevantn\u00ed a nezbytn\u00e9 \u00fadaje ve vztahu k\u00a0\u00fa\u010delu zpracov\u00e1n\u00ed.<\/span><br \/>\n<span style=\"color: #000000;\">Va\u0161e jm\u00e9no, p\u0159\u00edjmen\u00ed a e-mailovou adresu m\u016f\u017eeme vedle toho vyu\u017e\u00edt k tomu, abychom V\u00e1m zas\u00edlali obchodn\u00ed sd\u011blen\u00ed, tj. abychom V\u00e1s informovali o na\u0161ich aktivit\u00e1ch, kter\u00e9 by V\u00e1s, podle na\u0161eho n\u00e1zoru, mohly zaj\u00edmat. Poskytnut\u00ed osobn\u00edch \u00fadaj\u016f pro \u00fa\u010dely pln\u011bn\u00ed p\u0159\u00edpadn\u00e9 smlouvy a\u00a0poskytnut\u00ed osobn\u00edch \u00fadaj\u016f pro \u00fa\u010dely odpov\u011bdi na V\u00e1mi vznesen\u00e9 dotazy nebo V\u00e1mi po\u017eadovan\u00e9 informace jsou na\u0161\u00edm smluvn\u00edm po\u017eadavkem, a jejich neposkytnut\u00ed m\u016f\u017ee b\u00fdt d\u016fsledkem neuzav\u0159en\u00ed smlouvy nebo neposkytnut\u00ed odpov\u011bdi na V\u00e1mi vznesen\u00e9 dotazy.<\/span><br \/>\n<span style=\"color: #000000;\">Vedle toho zpracov\u00e1n\u00ed Va\u0161ich osobn\u00edch \u00fadaj\u016f za \u00fa\u010delem zas\u00edl\u00e1n\u00ed obchodn\u00edch sd\u011blen\u00ed m\u016f\u017eete kdykoliv odm\u00edtnout a nebude to m\u00edt vliv na na\u0161e jin\u00e9 vz\u00e1jemn\u00e9 vztahy. Sta\u010d\u00ed n\u00e1m zaslat e-mail s p\u0159\u00edslu\u0161nou \u017e\u00e1dost\u00ed na <a style=\"color: #000000;\" href=\"mailto:info@wgaeu.org\">info@wgaeu.org<\/a> nebo jinou adresu, ze kter\u00e9 jste od n\u00e1s obdr\u017eel obchodn\u00ed sd\u011blen\u00ed.<\/span><\/p>\n<p><span style=\"color: #000000;\"><strong>Kdo m\u00e1 k Va\u0161im osobn\u00edm \u00fadaj\u016fm p\u0159\u00edstup<br \/>\n<\/strong>Va\u0161e osobn\u00ed \u00fadaje budeme jako spr\u00e1vce zpracov\u00e1vat My. Osobn\u00ed \u00fadaje m\u016f\u017eeme p\u0159edat smluvn\u00edm partner\u016fm, pokud tento pro n\u00e1s zabezpe\u010duje domluvenou slu\u017ebu nezbytnou pro \u010dinnost WGA z.s. a pro realizaci dan\u00e9 akce. Osobn\u00ed \u00fadaje mohou b\u00fdt p\u0159ed\u00e1ny:<\/span><\/p>\n<p><span style=\"color: #000000;\"><em>1. Finan\u010dn\u00ed mana\u017eerce<span style=\"text-decoration: line-through;\">,<\/span> Ing. Marcele C\u00edsa\u0159ov\u00e9, kter\u00e1 zpracov\u00e1v\u00e1 ve\u0161ker\u00e9 \u00fa\u010detn\u00ed z\u00e1le\u017eitosti WGA z.s.<br \/>\n<\/em><\/span><span style=\"color: #000000;\"><em>2. Extern\u00ed advok\u00e1tn\u00ed kancel\u00e1\u0159i<br \/>\n<\/em><\/span><span style=\"color: #000000;\"><em>3. Smluvn\u00edm sponzor\u016fm a medi\u00e1ln\u00edm partner\u016fm, pokud to bude v podm\u00ednk\u00e1ch smluvn\u00edho ujedn\u00e1n\u00ed<br \/>\n<\/em><\/span><span style=\"color: #000000;\"><em>4. Zpracovatel\u016fm, kte\u0159\u00ed n\u00e1m poskytuj\u00ed serverov\u00e9, webov\u00e9, cloudov\u00e9 nebo IT slu\u017eby, \u010di kte\u0159\u00ed jsou jejich obchodn\u00edmi partnery<\/em><\/span><\/p>\n<p><span style=\"color: #000000;\"><strong>\u00a0<\/strong><strong>Doba zpracov\u00e1n\u00ed osobn\u00edch \u00fadaj\u016f<br \/>\n<\/strong>Va\u0161e osobn\u00ed \u00fadaje se budou zpracov\u00e1vat po dobu, po kterou V\u00e1m budeme poskytovat na\u0161e slu\u017eby \u010di plnit vz\u00e1jemnou smlouvu, nebo po dobu nezbytnou k pln\u011bn\u00ed archiva\u010dn\u00edch povinnost\u00ed podle platn\u00fdch pr\u00e1vn\u00edch p\u0159edpis\u016f, jako jsou nap\u0159\u00edklad z\u00e1kon o \u00fa\u010detnictv\u00ed, z\u00e1kon o archivnictv\u00ed a evidenci nebo z\u00e1kon o dani z p\u0159idan\u00e9 hodnoty.<strong>\u00a0<\/strong><\/span><\/p>\n<p><span style=\"color: #000000;\"><strong>Va\u0161e pr\u00e1va plynouc\u00ed ze zpracov\u00e1n\u00ed osobn\u00edch \u00fadaj\u016f<br \/>\n<\/strong>Ve vztahu k n\u00e1mi prov\u00e1d\u011bn\u00e9mu zpracov\u00e1n\u00ed Va\u0161ich osobn\u00edch \u00fadaj\u016f m\u00e1te n\u00e1sleduj\u00edc\u00ed pr\u00e1va:<\/span><\/p>\n<p><span style=\"color: #000000;\"><em>1. Pr\u00e1vo na p\u0159\u00edstup k osobn\u00edm \u00fadaj\u016fm;<br \/>\n<\/em><\/span><span style=\"color: #000000;\"><em>2. Pr\u00e1vo na opravu;<br \/>\n<\/em><\/span><span style=\"color: #000000;\"><em>3 Pr\u00e1vo na v\u00fdmaz (\u201epr\u00e1vo b\u00fdt zapomenut\u201c);<br \/>\n<\/em><\/span><span style=\"color: #000000;\"><em>4 Pr\u00e1vo na omezen\u00ed zpracov\u00e1n\u00ed \u00fadaj\u016f;<br \/>\n<\/em><\/span><span style=\"color: #000000;\"><em>5. Pr\u00e1vo vzn\u00e9st n\u00e1mitku proti zpracov\u00e1n\u00ed;<br \/>\n<\/em><\/span><span style=\"color: #000000;\"><em>6 Pr\u00e1vo podat st\u00ed\u017enost na zpracov\u00e1n\u00ed osobn\u00edch \u00fadaj\u016f.<\/em><\/span><\/p>\n<p><span style=\"color: #000000;\">Va\u0161e pr\u00e1va jsou n\u00ed\u017ee vysv\u011btlena, abyste si dok\u00e1zal\/a ud\u011blat jasn\u011bj\u0161\u00ed p\u0159edstavu o jejich obsahu.<\/span><br \/>\n<span style=\"color: #000000;\">V\u0161echna Va\u0161e pr\u00e1va m\u016f\u017eete uplatnit tak, \u017ee n\u00e1s kontaktujete na e-mailov\u00e9 adrese <a style=\"color: #000000;\" href=\"mailto:info@wgaeu.org\">info@wgaeu.org<\/a><em>; <\/em>st\u00ed\u017enost m\u016f\u017eete podat u dozorov\u00e9ho \u00fa\u0159adu, kter\u00fdm je \u00da\u0159ad pro ochranu osobn\u00edch \u00fadaj\u016f (<a style=\"color: #000000;\" href=\"http:\/\/www.uoou.cz\">www.uoou.cz<\/a><em>).<br \/>\n<\/em><strong>Pr\u00e1vo na p\u0159\u00edstup<\/strong> znamen\u00e1, \u017ee si kdykoliv m\u016f\u017eete po\u017e\u00e1dat o na\u0161e potvrzen\u00ed, zda osobn\u00ed \u00fadaje, kter\u00e9 se V\u00e1s t\u00fdkaj\u00ed, jsou \u010di nejsou zpracov\u00e1v\u00e1ny, a pokud jsou, pak za jak\u00fdmi \u00fa\u010dely, v jak\u00e9m rozsahu, komu jsou zp\u0159\u00edstupn\u011bny, jak dlouho je budeme zpracov\u00e1vat, zda m\u00e1te pr\u00e1vo na opravu, v\u00fdmaz, omezen\u00ed zpracov\u00e1n\u00ed \u010di vzn\u00e9st n\u00e1mitku, odkud jsme osobn\u00ed \u00fadaje z\u00edskali a zda doch\u00e1z\u00ed k na z\u00e1klad\u011b zpracov\u00e1n\u00ed Va\u0161ich osobn\u00edch \u00fadaj\u016f k automatick\u00e9mu rozhodov\u00e1n\u00ed, v\u010detn\u011b p\u0159\u00edpadn\u00e9ho profilov\u00e1n\u00ed. Tak\u00e9 m\u00e1te pr\u00e1vo z\u00edskat kopii Va\u0161ich osobn\u00edch \u00fadaj\u016f, p\u0159i\u010dem\u017e prvn\u00ed poskytnut\u00ed je bezplatn\u00e9, za dal\u0161\u00ed poskytnut\u00ed pak m\u016f\u017ee Zprost\u0159edkovatel po\u017eadovat p\u0159im\u011b\u0159enou \u00fahradu administrativn\u00edch n\u00e1klad\u016f.<\/span><br \/>\n<span style=\"color: #000000;\"><strong>Pr\u00e1vo na opravu<\/strong> znamen\u00e1, \u017ee n\u00e1s kdykoliv m\u016f\u017eete po\u017e\u00e1dat o opravu \u010di dopln\u011bn\u00ed Va\u0161ich osobn\u00edch \u00fadaj\u016f, pokud by byly nep\u0159esn\u00e9 \u010di ne\u00fapln\u00e9.<\/span><br \/>\n<span style=\"color: #000000;\"><strong>Pr\u00e1vo na v\u00fdmaz<\/strong> znamen\u00e1, \u017ee mus\u00edme vymazat Va\u0161e osobn\u00ed \u00fadaje pokud (i) ji\u017e nejsou pot\u0159ebn\u00e9 pro \u00fa\u010dely, pro kter\u00e9 byly shrom\u00e1\u017ed\u011bny nebo jinak zpracov\u00e1ny, (ii) zpracov\u00e1n\u00ed je protipr\u00e1vn\u00ed, (iii) vznesete n\u00e1mitky proti zpracov\u00e1n\u00ed a neexistuj\u00ed \u017e\u00e1dn\u00e9 p\u0159eva\u017euj\u00edc\u00ed opr\u00e1vn\u011bn\u00e9 d\u016fvody pro zpracov\u00e1n\u00ed, nebo (iv) n\u00e1m to ukl\u00e1d\u00e1 z\u00e1konn\u00e1 povinnost.<\/span><br \/>\n<span style=\"color: #000000;\"><strong>Pr\u00e1vo na omezen\u00ed zpracov\u00e1n\u00ed<\/strong> znamen\u00e1, \u017ee dokud nevy\u0159e\u0161\u00edme jak\u00e9koliv sporn\u00e9 ot\u00e1zky ohledn\u011b zpracov\u00e1n\u00ed Va\u0161ich osobn\u00edch \u00fadaj\u016f, mus\u00edme omezit zpracov\u00e1n\u00ed Va\u0161ich osobn\u00edch \u00fadaj\u016f tak, \u017ee tyto m\u016f\u017eeme m\u00edt pouze ulo\u017eeny a p\u0159\u00edpadn\u011b je m\u016f\u017eeme pou\u017e\u00edt z d\u016fvodu ur\u010den\u00ed, v\u00fdkonu nebo obhajoby pr\u00e1vn\u00edch n\u00e1rok\u016f.<\/span><br \/>\n<span style=\"color: #000000;\"><strong>Pr\u00e1vo vzn\u00e9st n\u00e1mitku<\/strong> znamen\u00e1, \u017ee m\u016f\u017eete vzn\u00e9st n\u00e1mitku proti zpracov\u00e1n\u00ed Va\u0161ich osobn\u00edch \u00fadaj\u016f, kter\u00e9 zpracov\u00e1v\u00e1me pro \u00fa\u010dely p\u0159\u00edm\u00e9ho marketingu nebo z\u00a0d\u016fvodu opr\u00e1vn\u011bn\u00e9ho z\u00e1jmu. Pokud vznesete n\u00e1mitku proti zpracov\u00e1n\u00ed pro \u00fa\u010dely p\u0159\u00edm\u00e9ho marketingu, nebudou ji\u017e Va\u0161e osobn\u00ed \u00fadaje pro tyto \u00fa\u010dely zpracov\u00e1v\u00e1ny.<\/span><\/p>\n<p><em>Sm\u011brnice GDPR WGA<\/em><br \/>\n<em>byla schv\u00e1lena na \u010clensk\u00e9 sch\u016fzi<\/em><br \/>\n<em>dne 13. 01. 2018<\/em><\/p>\n<p><em>V\u00e1clav Holoch<\/em><br \/>\n<em>Prezident WGA, v.r.<\/em><\/p>\n","protected":false},"excerpt":{"rendered":"<p>Z\u00c1SADY OCHRANY OSOBN\u00cdCH \u00daDAJ\u016e (GDPR) Spole\u010dnost WGA z.s, se s\u00eddlem H\u0159bitovn\u00ed 355, 407 01 J\u00edlov\u00e9, I\u010cO: 04798562, zapsan\u00e1 v\u00a0Obchodn\u00edm rejst\u0159\u00edku veden\u00e9m u Krajsk\u00e9ho soudu v\u00a0\u00dast\u00ed nad Labem pod sp. zn. L 9892\u00a0 (d\u00e1le tak\u00e9 \u201eMy\u201c), jako spr\u00e1vce osobn\u00edch \u00fadaj\u016f, V\u00e1s jako u\u017eivatele webov\u00fdch str\u00e1nek www.wgaeu.org a odkaz\u016f z nich vypl\u00fdvaj\u00edc\u00edch, informuje o n\u00ed\u017ee popsan\u00e9m shroma\u017e\u010fov\u00e1n\u00ed [&hellip;]<\/p>\n","protected":false},"author":1,"featured_media":0,"parent":0,"menu_order":0,"comment_status":"closed","ping_status":"closed","template":"","meta":{"footnotes":""},"class_list":["post-272","page","type-page","status-publish","hentry"],"yoast_head":"<!-- This site is optimized with the Yoast SEO plugin v27.5 - https:\/\/yoast.com\/product\/yoast-seo-wordpress\/ -->\n<title>GDPR - WGA<\/title>\n<meta name=\"robots\" content=\"index, follow, max-snippet:-1, max-image-preview:large, max-video-preview:-1\" \/>\n<link rel=\"canonical\" href=\"https:\/\/www.wgaeu.org\/index.php\/gdpr-2\/\" \/>\n<meta property=\"og:locale\" content=\"cs_CZ\" \/>\n<meta property=\"og:type\" content=\"article\" \/>\n<meta property=\"og:title\" content=\"GDPR - WGA\" \/>\n<meta property=\"og:description\" content=\"Z\u00c1SADY OCHRANY OSOBN\u00cdCH \u00daDAJ\u016e (GDPR) Spole\u010dnost WGA z.s, se s\u00eddlem H\u0159bitovn\u00ed 355, 407 01 J\u00edlov\u00e9, I\u010cO: 04798562, zapsan\u00e1 v\u00a0Obchodn\u00edm rejst\u0159\u00edku veden\u00e9m u Krajsk\u00e9ho soudu v\u00a0\u00dast\u00ed nad Labem pod sp. zn. L 9892\u00a0 (d\u00e1le tak\u00e9 \u201eMy\u201c), jako spr\u00e1vce osobn\u00edch \u00fadaj\u016f, V\u00e1s jako u\u017eivatele webov\u00fdch str\u00e1nek www.wgaeu.org a odkaz\u016f z nich vypl\u00fdvaj\u00edc\u00edch, informuje o n\u00ed\u017ee popsan\u00e9m shroma\u017e\u010fov\u00e1n\u00ed [&hellip;]\" \/>\n<meta property=\"og:url\" content=\"https:\/\/www.wgaeu.org\/index.php\/gdpr-2\/\" \/>\n<meta property=\"og:site_name\" content=\"WGA\" \/>\n<meta property=\"article:modified_time\" content=\"2021-02-09T16:18:48+00:00\" \/>\n<meta name=\"twitter:card\" content=\"summary_large_image\" \/>\n<meta name=\"twitter:label1\" content=\"Odhadovan\u00e1 doba \u010dten\u00ed\" \/>\n\t<meta name=\"twitter:data1\" content=\"7 minut\" \/>\n<script type=\"application\/ld+json\" class=\"yoast-schema-graph\">{\"@context\":\"https:\\\/\\\/schema.org\",\"@graph\":[{\"@type\":\"WebPage\",\"@id\":\"https:\\\/\\\/www.wgaeu.org\\\/index.php\\\/gdpr-2\\\/\",\"url\":\"https:\\\/\\\/www.wgaeu.org\\\/index.php\\\/gdpr-2\\\/\",\"name\":\"GDPR - WGA\",\"isPartOf\":{\"@id\":\"https:\\\/\\\/www.wgaeu.org\\\/#website\"},\"datePublished\":\"2021-02-09T12:09:05+00:00\",\"dateModified\":\"2021-02-09T16:18:48+00:00\",\"breadcrumb\":{\"@id\":\"https:\\\/\\\/www.wgaeu.org\\\/index.php\\\/gdpr-2\\\/#breadcrumb\"},\"inLanguage\":\"cs\",\"potentialAction\":[{\"@type\":\"ReadAction\",\"target\":[\"https:\\\/\\\/www.wgaeu.org\\\/index.php\\\/gdpr-2\\\/\"]}]},{\"@type\":\"BreadcrumbList\",\"@id\":\"https:\\\/\\\/www.wgaeu.org\\\/index.php\\\/gdpr-2\\\/#breadcrumb\",\"itemListElement\":[{\"@type\":\"ListItem\",\"position\":1,\"name\":\"Dom\u016f\",\"item\":\"https:\\\/\\\/www.wgaeu.org\\\/\"},{\"@type\":\"ListItem\",\"position\":2,\"name\":\"GDPR\"}]},{\"@type\":\"WebSite\",\"@id\":\"https:\\\/\\\/www.wgaeu.org\\\/#website\",\"url\":\"https:\\\/\\\/www.wgaeu.org\\\/\",\"name\":\"WGA\",\"description\":\"b\u011bh\u00e1n\u00ed na v\u00e1hu\",\"publisher\":{\"@id\":\"https:\\\/\\\/www.wgaeu.org\\\/#organization\"},\"potentialAction\":[{\"@type\":\"SearchAction\",\"target\":{\"@type\":\"EntryPoint\",\"urlTemplate\":\"https:\\\/\\\/www.wgaeu.org\\\/?s={search_term_string}\"},\"query-input\":{\"@type\":\"PropertyValueSpecification\",\"valueRequired\":true,\"valueName\":\"search_term_string\"}}],\"inLanguage\":\"cs\"},{\"@type\":\"Organization\",\"@id\":\"https:\\\/\\\/www.wgaeu.org\\\/#organization\",\"name\":\"WGA z.s.\",\"url\":\"https:\\\/\\\/www.wgaeu.org\\\/\",\"logo\":{\"@type\":\"ImageObject\",\"inLanguage\":\"cs\",\"@id\":\"https:\\\/\\\/www.wgaeu.org\\\/#\\\/schema\\\/logo\\\/image\\\/\",\"url\":\"https:\\\/\\\/www.wgaeu.org\\\/wp-content\\\/uploads\\\/2021\\\/02\\\/cropped-Grey1-1-e1612471904868.jpg\",\"contentUrl\":\"https:\\\/\\\/www.wgaeu.org\\\/wp-content\\\/uploads\\\/2021\\\/02\\\/cropped-Grey1-1-e1612471904868.jpg\",\"width\":940,\"height\":282,\"caption\":\"WGA z.s.\"},\"image\":{\"@id\":\"https:\\\/\\\/www.wgaeu.org\\\/#\\\/schema\\\/logo\\\/image\\\/\"}}]}<\/script>\n<!-- \/ Yoast SEO plugin. -->","yoast_head_json":{"title":"GDPR - WGA","robots":{"index":"index","follow":"follow","max-snippet":"max-snippet:-1","max-image-preview":"max-image-preview:large","max-video-preview":"max-video-preview:-1"},"canonical":"https:\/\/www.wgaeu.org\/index.php\/gdpr-2\/","og_locale":"cs_CZ","og_type":"article","og_title":"GDPR - WGA","og_description":"Z\u00c1SADY OCHRANY OSOBN\u00cdCH \u00daDAJ\u016e (GDPR) Spole\u010dnost WGA z.s, se s\u00eddlem H\u0159bitovn\u00ed 355, 407 01 J\u00edlov\u00e9, I\u010cO: 04798562, zapsan\u00e1 v\u00a0Obchodn\u00edm rejst\u0159\u00edku veden\u00e9m u Krajsk\u00e9ho soudu v\u00a0\u00dast\u00ed nad Labem pod sp. zn. L 9892\u00a0 (d\u00e1le tak\u00e9 \u201eMy\u201c), jako spr\u00e1vce osobn\u00edch \u00fadaj\u016f, V\u00e1s jako u\u017eivatele webov\u00fdch str\u00e1nek www.wgaeu.org a odkaz\u016f z nich vypl\u00fdvaj\u00edc\u00edch, informuje o n\u00ed\u017ee popsan\u00e9m shroma\u017e\u010fov\u00e1n\u00ed [&hellip;]","og_url":"https:\/\/www.wgaeu.org\/index.php\/gdpr-2\/","og_site_name":"WGA","article_modified_time":"2021-02-09T16:18:48+00:00","twitter_card":"summary_large_image","twitter_misc":{"Odhadovan\u00e1 doba \u010dten\u00ed":"7 minut"},"schema":{"@context":"https:\/\/schema.org","@graph":[{"@type":"WebPage","@id":"https:\/\/www.wgaeu.org\/index.php\/gdpr-2\/","url":"https:\/\/www.wgaeu.org\/index.php\/gdpr-2\/","name":"GDPR - WGA","isPartOf":{"@id":"https:\/\/www.wgaeu.org\/#website"},"datePublished":"2021-02-09T12:09:05+00:00","dateModified":"2021-02-09T16:18:48+00:00","breadcrumb":{"@id":"https:\/\/www.wgaeu.org\/index.php\/gdpr-2\/#breadcrumb"},"inLanguage":"cs","potentialAction":[{"@type":"ReadAction","target":["https:\/\/www.wgaeu.org\/index.php\/gdpr-2\/"]}]},{"@type":"BreadcrumbList","@id":"https:\/\/www.wgaeu.org\/index.php\/gdpr-2\/#breadcrumb","itemListElement":[{"@type":"ListItem","position":1,"name":"Dom\u016f","item":"https:\/\/www.wgaeu.org\/"},{"@type":"ListItem","position":2,"name":"GDPR"}]},{"@type":"WebSite","@id":"https:\/\/www.wgaeu.org\/#website","url":"https:\/\/www.wgaeu.org\/","name":"WGA","description":"b\u011bh\u00e1n\u00ed na v\u00e1hu","publisher":{"@id":"https:\/\/www.wgaeu.org\/#organization"},"potentialAction":[{"@type":"SearchAction","target":{"@type":"EntryPoint","urlTemplate":"https:\/\/www.wgaeu.org\/?s={search_term_string}"},"query-input":{"@type":"PropertyValueSpecification","valueRequired":true,"valueName":"search_term_string"}}],"inLanguage":"cs"},{"@type":"Organization","@id":"https:\/\/www.wgaeu.org\/#organization","name":"WGA z.s.","url":"https:\/\/www.wgaeu.org\/","logo":{"@type":"ImageObject","inLanguage":"cs","@id":"https:\/\/www.wgaeu.org\/#\/schema\/logo\/image\/","url":"https:\/\/www.wgaeu.org\/wp-content\/uploads\/2021\/02\/cropped-Grey1-1-e1612471904868.jpg","contentUrl":"https:\/\/www.wgaeu.org\/wp-content\/uploads\/2021\/02\/cropped-Grey1-1-e1612471904868.jpg","width":940,"height":282,"caption":"WGA z.s."},"image":{"@id":"https:\/\/www.wgaeu.org\/#\/schema\/logo\/image\/"}}]}},"_links":{"self":[{"href":"https:\/\/www.wgaeu.org\/index.php\/wp-json\/wp\/v2\/pages\/272","targetHints":{"allow":["GET"]}}],"collection":[{"href":"https:\/\/www.wgaeu.org\/index.php\/wp-json\/wp\/v2\/pages"}],"about":[{"href":"https:\/\/www.wgaeu.org\/index.php\/wp-json\/wp\/v2\/types\/page"}],"author":[{"embeddable":true,"href":"https:\/\/www.wgaeu.org\/index.php\/wp-json\/wp\/v2\/users\/1"}],"replies":[{"embeddable":true,"href":"https:\/\/www.wgaeu.org\/index.php\/wp-json\/wp\/v2\/comments?post=272"}],"version-history":[{"count":0,"href":"https:\/\/www.wgaeu.org\/index.php\/wp-json\/wp\/v2\/pages\/272\/revisions"}],"wp:attachment":[{"href":"https:\/\/www.wgaeu.org\/index.php\/wp-json\/wp\/v2\/media?parent=272"}],"curies":[{"name":"wp","href":"https:\/\/api.w.org\/{rel}","templated":true}]}}